{"id":25517,"date":"2015-11-30T13:50:02","date_gmt":"2015-11-30T13:50:02","guid":{"rendered":"http:\/\/www.digife.it\/?page_id=25517"},"modified":"2019-05-03T12:35:46","modified_gmt":"2019-05-03T12:35:46","slug":"grafik-projekte","status":"publish","type":"page","link":"https:\/\/www.digife.it\/de\/grafik-projekte\/","title":{"rendered":"Grafikprojekte"},"content":{"rendered":"<div id=\"fws_69ee7eba86df6\"  data-column-margin=\"default\" data-midnight=\"dark\"  class=\"wpb_row vc_row-fluid vc_row\"  style=\"padding-top: 0px; padding-bottom: 0px; \"><div class=\"row-bg-wrap\" data-bg-animation=\"none\" data-bg-animation-delay=\"\" data-bg-overlay=\"false\"><div class=\"inner-wrap row-bg-layer\" ><div class=\"row-bg viewport-desktop\"  style=\"\"><\/div><\/div><\/div><div class=\"row_col_wrap_12 col span_12 dark left\">\n\t<div  class=\"vc_col-sm-12 wpb_column column_container vc_column_container col no-extra-padding\"  data-padding-pos=\"all\" data-has-bg-color=\"false\" data-bg-color=\"\" data-bg-opacity=\"1\" data-animation=\"\" data-delay=\"0\" >\n\t\t<div class=\"vc_column-inner\" >\n\t\t\t<div class=\"wpb_wrapper\">\n\t\t\t\t\n<div class=\"row\">\n\n <div class=\"post-area col  span_12 col_last masonry material\" data-ams=\"\" data-remove-post-date=\"1\" data-remove-post-author=\"1\" data-remove-post-comment-number=\"1\" data-remove-post-nectar-love=\"1\"> <div class=\"posts-container\" data-load-animation=\"none\">     \n     \n<article id=\"post-34051\" class=\"masonry-blog-item post-34051 post type-post status-publish format-standard has-post-thumbnail category-progetti-web category-grafica-progetti category-video-progetti-web\">  \n    \n  <div class=\"inner-wrap animated\">\n    \n    <div class=\"post-content\">\n\n      <div class=\"content-inner\">\n        \n        <a class=\"entire-meta-link\" href=\"https:\/\/www.digife.it\/de\/360-drohnenvideos-und-fotos-zur-aufwertung-der-flotte-von-la-valle-transport\/\"><span class=\"screen-reader-text\">Drohnenaufnahmen, 360\u00b0-Video- und Fotoservice zur Erweiterung der Flotte von La Valle Trasporti<\/span><\/a>\n        \n        <span class=\"post-featured-img\"><img loading=\"lazy\" decoding=\"async\" width=\"1024\" height=\"683\" src=\"https:\/\/www.digife.it\/wp-content\/uploads\/2025\/01\/riprese-video-drone-digife-1024x683.jpg\" class=\"attachment-large size-large skip-lazy wp-post-image\" alt=\"\" title=\"\" sizes=\"auto, (min-width: 1600px) 20vw, (min-width: 1300px) 25vw, (min-width: 1000px) 33.3vw, (min-width: 690px) 50vw, 100vw\" srcset=\"https:\/\/www.digife.it\/wp-content\/uploads\/2025\/01\/riprese-video-drone-digife-1024x683.jpg 1024w, https:\/\/www.digife.it\/wp-content\/uploads\/2025\/01\/riprese-video-drone-digife-300x200.jpg 300w, https:\/\/www.digife.it\/wp-content\/uploads\/2025\/01\/riprese-video-drone-digife-768x512.jpg 768w, https:\/\/www.digife.it\/wp-content\/uploads\/2025\/01\/riprese-video-drone-digife-1536x1024.jpg 1536w, https:\/\/www.digife.it\/wp-content\/uploads\/2025\/01\/riprese-video-drone-digife-18x12.jpg 18w, https:\/\/www.digife.it\/wp-content\/uploads\/2025\/01\/riprese-video-drone-digife-900x600.jpg 900w, https:\/\/www.digife.it\/wp-content\/uploads\/2025\/01\/riprese-video-drone-digife.jpg 1920w\" \/><\/span><span class=\"meta-category\"><a class=\"progetti-web\" href=\"https:\/\/www.digife.it\/de\/kategorie\/web-projekte\/\">Webprojekte<\/a><a class=\"grafica-progetti\" href=\"https:\/\/www.digife.it\/de\/kategorie\/web-projekte\/projektgrafiken\/\">Grafik<\/a><a class=\"video-progetti-web\" href=\"https:\/\/www.digife.it\/de\/kategorie\/web-projekte\/video-webprojekte\/\">Video<\/a><\/span>        \n        <div class=\"article-content-wrap\">\n          \n          <div class=\"post-header\">\n            <h3 class=\"title\"><a href=\"https:\/\/www.digife.it\/de\/360-drohnenvideos-und-fotos-zur-aufwertung-der-flotte-von-la-valle-transport\/\"> Drohnenaufnahmen, 360\u00b0-Video- und Fotoservice zur Erweiterung der Flotte von La Valle Trasporti<\/a><\/h3>\n          <\/div>\n          \n          <div class=\"excerpt\">La Valle Trasporti Srl, ein f\u00fchrendes Unternehmen im Bereich der Bus- und Reisebusvermietung mit \u00fcber 35 Jahren Erfahrung\u2026<\/div><div class=\"grav-wrap\"><a href=\"https:\/\/www.digife.it\/de\/author\/giuliaremondini\/\"><img alt='DigiFe Websites Ferrara' src='https:\/\/secure.gravatar.com\/avatar\/265f55b2444febf7b9db4e0b9e791cc59fb6dc3ee3b83a3d4329221da22c0c91?s=70&#038;r=g' srcset='https:\/\/secure.gravatar.com\/avatar\/265f55b2444febf7b9db4e0b9e791cc59fb6dc3ee3b83a3d4329221da22c0c91?s=140&#038;r=g 2x' class='avatar avatar-70 photo' height='70' width='70' \/><\/a><div class=\"text\"><a href=\"https:\/\/www.digife.it\/de\/author\/giuliaremondini\/\" rel=\"author\">DigiFe Websites Ferrara<\/a><span>14. Februar 2025<\/span><\/div><\/div>\n        <\/div><!--article-content-wrap-->\n        \n      <\/div><!--\/content-inner-->\n        \n    <\/div><!--\/post-content-->\n      \n  <\/div><!--\/inner-wrap-->\n    \n<\/article>     \n     \n<article id=\"post-34055\" class=\"masonry-blog-item post-34055 post type-post status-publish format-standard has-post-thumbnail category-progetti-web category-grafica-progetti\">  \n    \n  <div class=\"inner-wrap animated\">\n    \n    <div class=\"post-content\">\n\n      <div class=\"content-inner\">\n        \n        <a class=\"entire-meta-link\" href=\"https:\/\/www.digife.it\/de\/erstellung-des-roll-up-systems-fur-die-zickzack-null-aufprallerzeugung\/\"><span class=\"screen-reader-text\">Roll-Up-Erstellung f\u00fcr ZIG \u201eZero Impact Generation\u201c<\/span><\/a>\n        \n        <span class=\"post-featured-img\"><img loading=\"lazy\" decoding=\"async\" width=\"768\" height=\"1024\" src=\"https:\/\/www.digife.it\/wp-content\/uploads\/2025\/02\/roll-up-zero-impacat-generation-768x1024.jpg\" class=\"attachment-large size-large skip-lazy wp-post-image\" alt=\"\" title=\"\" sizes=\"auto, (min-width: 1600px) 20vw, (min-width: 1300px) 25vw, (min-width: 1000px) 33.3vw, (min-width: 690px) 50vw, 100vw\" srcset=\"https:\/\/www.digife.it\/wp-content\/uploads\/2025\/02\/roll-up-zero-impacat-generation-768x1024.jpg 768w, https:\/\/www.digife.it\/wp-content\/uploads\/2025\/02\/roll-up-zero-impacat-generation-225x300.jpg 225w, https:\/\/www.digife.it\/wp-content\/uploads\/2025\/02\/roll-up-zero-impacat-generation-1152x1536.jpg 1152w, https:\/\/www.digife.it\/wp-content\/uploads\/2025\/02\/roll-up-zero-impacat-generation-9x12.jpg 9w, https:\/\/www.digife.it\/wp-content\/uploads\/2025\/02\/roll-up-zero-impacat-generation.jpg 1200w\" \/><\/span><span class=\"meta-category\"><a class=\"progetti-web\" href=\"https:\/\/www.digife.it\/de\/kategorie\/web-projekte\/\">Webprojekte<\/a><a class=\"grafica-progetti\" href=\"https:\/\/www.digife.it\/de\/kategorie\/web-projekte\/projektgrafiken\/\">Grafik<\/a><\/span>        \n        <div class=\"article-content-wrap\">\n          \n          <div class=\"post-header\">\n            <h3 class=\"title\"><a href=\"https:\/\/www.digife.it\/de\/erstellung-des-roll-up-systems-fur-die-zickzack-null-aufprallerzeugung\/\"> Roll-Up-Erstellung f\u00fcr ZIG \u201eZero Impact Generation\u201c<\/a><\/h3>\n          <\/div>\n          \n          <div class=\"excerpt\">Die Grafikabteilung von Digife hat k\u00fcrzlich ein Werbe-Rollup f\u00fcr \u2026 entworfen und erstellt.<\/div><div class=\"grav-wrap\"><a href=\"https:\/\/www.digife.it\/de\/author\/giuliaremondini\/\"><img alt='DigiFe Websites Ferrara' src='https:\/\/secure.gravatar.com\/avatar\/265f55b2444febf7b9db4e0b9e791cc59fb6dc3ee3b83a3d4329221da22c0c91?s=70&#038;r=g' srcset='https:\/\/secure.gravatar.com\/avatar\/265f55b2444febf7b9db4e0b9e791cc59fb6dc3ee3b83a3d4329221da22c0c91?s=140&#038;r=g 2x' class='avatar avatar-70 photo' height='70' width='70' \/><\/a><div class=\"text\"><a href=\"https:\/\/www.digife.it\/de\/author\/giuliaremondini\/\" rel=\"author\">DigiFe Websites Ferrara<\/a><span>6. Februar 2025<\/span><\/div><\/div>\n        <\/div><!--article-content-wrap-->\n        \n      <\/div><!--\/content-inner-->\n        \n    <\/div><!--\/post-content-->\n      \n  <\/div><!--\/inner-wrap-->\n    \n<\/article>     \n     \n<article id=\"post-33761\" class=\"masonry-blog-item post-33761 post type-post status-publish format-standard has-post-thumbnail category-grafica-progetti\">  \n    \n  <div class=\"inner-wrap animated\">\n    \n    <div class=\"post-content\">\n\n      <div class=\"content-inner\">\n        \n        <a class=\"entire-meta-link\" href=\"https:\/\/www.digife.it\/de\/personalisierte-kleidung\/\"><span class=\"screen-reader-text\">Personalisierte Kleidung<\/span><\/a>\n        \n        <span class=\"post-featured-img\"><img loading=\"lazy\" decoding=\"async\" width=\"1024\" height=\"683\" src=\"https:\/\/www.digife.it\/wp-content\/uploads\/2024\/08\/abbigliamento-centro-nuoto-1024x683.jpg\" class=\"attachment-large size-large skip-lazy wp-post-image\" alt=\"\" title=\"\" sizes=\"auto, (min-width: 1600px) 20vw, (min-width: 1300px) 25vw, (min-width: 1000px) 33.3vw, (min-width: 690px) 50vw, 100vw\" srcset=\"https:\/\/www.digife.it\/wp-content\/uploads\/2024\/08\/abbigliamento-centro-nuoto-1024x683.jpg 1024w, https:\/\/www.digife.it\/wp-content\/uploads\/2024\/08\/abbigliamento-centro-nuoto-300x200.jpg 300w, https:\/\/www.digife.it\/wp-content\/uploads\/2024\/08\/abbigliamento-centro-nuoto-768x512.jpg 768w, https:\/\/www.digife.it\/wp-content\/uploads\/2024\/08\/abbigliamento-centro-nuoto-1536x1024.jpg 1536w, https:\/\/www.digife.it\/wp-content\/uploads\/2024\/08\/abbigliamento-centro-nuoto-18x12.jpg 18w, https:\/\/www.digife.it\/wp-content\/uploads\/2024\/08\/abbigliamento-centro-nuoto-900x600.jpg 900w, https:\/\/www.digife.it\/wp-content\/uploads\/2024\/08\/abbigliamento-centro-nuoto.jpg 1920w\" \/><\/span><span class=\"meta-category\"><a class=\"grafica-progetti\" href=\"https:\/\/www.digife.it\/de\/kategorie\/web-projekte\/projektgrafiken\/\">Grafik<\/a><\/span>        \n        <div class=\"article-content-wrap\">\n          \n          <div class=\"post-header\">\n            <h3 class=\"title\"><a href=\"https:\/\/www.digife.it\/de\/personalisierte-kleidung\/\"> Personalisierte Kleidung<\/a><\/h3>\n          <\/div>\n          \n          <div class=\"excerpt\">Eine Welle der Originalit\u00e4t mit ma\u00dfgeschneiderter Kleidung. In einer Welt, die Vielfalt feiert ...<\/div><div class=\"grav-wrap\"><a href=\"https:\/\/www.digife.it\/de\/author\/giuliaremondini\/\"><img alt='DigiFe Websites Ferrara' src='https:\/\/secure.gravatar.com\/avatar\/265f55b2444febf7b9db4e0b9e791cc59fb6dc3ee3b83a3d4329221da22c0c91?s=70&#038;r=g' srcset='https:\/\/secure.gravatar.com\/avatar\/265f55b2444febf7b9db4e0b9e791cc59fb6dc3ee3b83a3d4329221da22c0c91?s=140&#038;r=g 2x' class='avatar avatar-70 photo' height='70' width='70' \/><\/a><div class=\"text\"><a href=\"https:\/\/www.digife.it\/de\/author\/giuliaremondini\/\" rel=\"author\">DigiFe Websites Ferrara<\/a><span>10. Oktober 2024<\/span><\/div><\/div>\n        <\/div><!--article-content-wrap-->\n        \n      <\/div><!--\/content-inner-->\n        \n    <\/div><!--\/post-content-->\n      \n  <\/div><!--\/inner-wrap-->\n    \n<\/article>     \n     \n<article id=\"post-33754\" class=\"masonry-blog-item post-33754 post type-post status-publish format-standard has-post-thumbnail category-grafica-progetti\">  \n    \n  <div class=\"inner-wrap animated\">\n    \n    <div class=\"post-content\">\n\n      <div class=\"content-inner\">\n        \n        <a class=\"entire-meta-link\" href=\"https:\/\/www.digife.it\/de\/design-und-grafische-gestaltung-von-werbekampagnen-fur-unternehmen\/\"><span class=\"screen-reader-text\">Grafische Gestaltung und Erstellung von Werbekampagnen f\u00fcr Unternehmen<\/span><\/a>\n        \n        <span class=\"post-featured-img\"><img loading=\"lazy\" decoding=\"async\" width=\"1024\" height=\"730\" src=\"https:\/\/www.digife.it\/wp-content\/uploads\/2024\/08\/promo-stel-grafica-digife-1024x730.jpg\" class=\"attachment-large size-large skip-lazy wp-post-image\" alt=\"\" title=\"\" sizes=\"auto, (min-width: 1600px) 20vw, (min-width: 1300px) 25vw, (min-width: 1000px) 33.3vw, (min-width: 690px) 50vw, 100vw\" srcset=\"https:\/\/www.digife.it\/wp-content\/uploads\/2024\/08\/promo-stel-grafica-digife-1024x730.jpg 1024w, https:\/\/www.digife.it\/wp-content\/uploads\/2024\/08\/promo-stel-grafica-digife-300x214.jpg 300w, https:\/\/www.digife.it\/wp-content\/uploads\/2024\/08\/promo-stel-grafica-digife-768x547.jpg 768w, https:\/\/www.digife.it\/wp-content\/uploads\/2024\/08\/promo-stel-grafica-digife-1536x1094.jpg 1536w, https:\/\/www.digife.it\/wp-content\/uploads\/2024\/08\/promo-stel-grafica-digife-18x12.jpg 18w, https:\/\/www.digife.it\/wp-content\/uploads\/2024\/08\/promo-stel-grafica-digife.jpg 1920w\" \/><\/span><span class=\"meta-category\"><a class=\"grafica-progetti\" href=\"https:\/\/www.digife.it\/de\/kategorie\/web-projekte\/projektgrafiken\/\">Grafik<\/a><\/span>        \n        <div class=\"article-content-wrap\">\n          \n          <div class=\"post-header\">\n            <h3 class=\"title\"><a href=\"https:\/\/www.digife.it\/de\/design-und-grafische-gestaltung-von-werbekampagnen-fur-unternehmen\/\"> Grafische Gestaltung und Erstellung von Werbekampagnen f\u00fcr Unternehmen<\/a><\/h3>\n          <\/div>\n          \n          <div class=\"excerpt\">Digife hat mit seiner Erfahrung im Marketing und in der visuellen Kommunikation k\u00fcrzlich mit \u2026 zusammengearbeitet.<\/div><div class=\"grav-wrap\"><a href=\"https:\/\/www.digife.it\/de\/author\/giuliaremondini\/\"><img alt='DigiFe Websites Ferrara' src='https:\/\/secure.gravatar.com\/avatar\/265f55b2444febf7b9db4e0b9e791cc59fb6dc3ee3b83a3d4329221da22c0c91?s=70&#038;r=g' srcset='https:\/\/secure.gravatar.com\/avatar\/265f55b2444febf7b9db4e0b9e791cc59fb6dc3ee3b83a3d4329221da22c0c91?s=140&#038;r=g 2x' class='avatar avatar-70 photo' height='70' width='70' \/><\/a><div class=\"text\"><a href=\"https:\/\/www.digife.it\/de\/author\/giuliaremondini\/\" rel=\"author\">DigiFe Websites Ferrara<\/a><span>30. September 2024<\/span><\/div><\/div>\n        <\/div><!--article-content-wrap-->\n        \n      <\/div><!--\/content-inner-->\n        \n    <\/div><!--\/post-content-->\n      \n  <\/div><!--\/inner-wrap-->\n    \n<\/article>     \n     \n<article id=\"post-33745\" class=\"masonry-blog-item post-33745 post type-post status-publish format-standard has-post-thumbnail category-grafica-progetti\">  \n    \n  <div class=\"inner-wrap animated\">\n    \n    <div class=\"post-content\">\n\n      <div class=\"content-inner\">\n        \n        <a class=\"entire-meta-link\" href=\"https:\/\/www.digife.it\/de\/herstellung-personalisierter-plexiglasplatten\/\"><span class=\"screen-reader-text\">Erstellung personalisierter Plexiglastafeln<\/span><\/a>\n        \n        <span class=\"post-featured-img\"><img loading=\"lazy\" decoding=\"async\" width=\"1024\" height=\"768\" src=\"https:\/\/www.digife.it\/wp-content\/uploads\/2024\/08\/targa-nexup-grafica-digife-1024x768.jpg\" class=\"attachment-large size-large skip-lazy wp-post-image\" alt=\"\" title=\"\" sizes=\"auto, (min-width: 1600px) 20vw, (min-width: 1300px) 25vw, (min-width: 1000px) 33.3vw, (min-width: 690px) 50vw, 100vw\" srcset=\"https:\/\/www.digife.it\/wp-content\/uploads\/2024\/08\/targa-nexup-grafica-digife-1024x768.jpg 1024w, https:\/\/www.digife.it\/wp-content\/uploads\/2024\/08\/targa-nexup-grafica-digife-300x225.jpg 300w, https:\/\/www.digife.it\/wp-content\/uploads\/2024\/08\/targa-nexup-grafica-digife-768x576.jpg 768w, https:\/\/www.digife.it\/wp-content\/uploads\/2024\/08\/targa-nexup-grafica-digife-1536x1152.jpg 1536w, https:\/\/www.digife.it\/wp-content\/uploads\/2024\/08\/targa-nexup-grafica-digife-16x12.jpg 16w, https:\/\/www.digife.it\/wp-content\/uploads\/2024\/08\/targa-nexup-grafica-digife.jpg 1920w\" \/><\/span><span class=\"meta-category\"><a class=\"grafica-progetti\" href=\"https:\/\/www.digife.it\/de\/kategorie\/web-projekte\/projektgrafiken\/\">Grafik<\/a><\/span>        \n        <div class=\"article-content-wrap\">\n          \n          <div class=\"post-header\">\n            <h3 class=\"title\"><a href=\"https:\/\/www.digife.it\/de\/herstellung-personalisierter-plexiglasplatten\/\"> Erstellung personalisierter Plexiglastafeln<\/a><\/h3>\n          <\/div>\n          \n          <div class=\"excerpt\">Die Sichtbarkeit und Wiedererkennbarkeit eines Unternehmens oder B\u00fcros sind entscheidend f\u00fcr\u2026<\/div><div class=\"grav-wrap\"><a href=\"https:\/\/www.digife.it\/de\/author\/giuliaremondini\/\"><img alt='DigiFe Websites Ferrara' src='https:\/\/secure.gravatar.com\/avatar\/265f55b2444febf7b9db4e0b9e791cc59fb6dc3ee3b83a3d4329221da22c0c91?s=70&#038;r=g' srcset='https:\/\/secure.gravatar.com\/avatar\/265f55b2444febf7b9db4e0b9e791cc59fb6dc3ee3b83a3d4329221da22c0c91?s=140&#038;r=g 2x' class='avatar avatar-70 photo' height='70' width='70' \/><\/a><div class=\"text\"><a href=\"https:\/\/www.digife.it\/de\/author\/giuliaremondini\/\" rel=\"author\">DigiFe Websites Ferrara<\/a><span>20. September 2024<\/span><\/div><\/div>\n        <\/div><!--article-content-wrap-->\n        \n      <\/div><!--\/content-inner-->\n        \n    <\/div><!--\/post-content-->\n      \n  <\/div><!--\/inner-wrap-->\n    \n<\/article>     \n     \n<article id=\"post-33742\" class=\"masonry-blog-item post-33742 post type-post status-publish format-standard has-post-thumbnail category-grafica-progetti\">  \n    \n  <div class=\"inner-wrap animated\">\n    \n    <div class=\"post-content\">\n\n      <div class=\"content-inner\">\n        \n        <a class=\"entire-meta-link\" href=\"https:\/\/www.digife.it\/de\/grafische-gestaltung-des-firmenprofils\/\"><span class=\"screen-reader-text\">Grafische Erstellung des Firmenprofils<\/span><\/a>\n        \n        <span class=\"post-featured-img\"><img loading=\"lazy\" decoding=\"async\" width=\"1024\" height=\"768\" src=\"https:\/\/www.digife.it\/wp-content\/uploads\/2024\/08\/company-profile-saldotecnica-1024x768.jpg\" class=\"attachment-large size-large skip-lazy wp-post-image\" alt=\"\" title=\"\" sizes=\"auto, (min-width: 1600px) 20vw, (min-width: 1300px) 25vw, (min-width: 1000px) 33.3vw, (min-width: 690px) 50vw, 100vw\" srcset=\"https:\/\/www.digife.it\/wp-content\/uploads\/2024\/08\/company-profile-saldotecnica-1024x768.jpg 1024w, https:\/\/www.digife.it\/wp-content\/uploads\/2024\/08\/company-profile-saldotecnica-300x225.jpg 300w, https:\/\/www.digife.it\/wp-content\/uploads\/2024\/08\/company-profile-saldotecnica-768x576.jpg 768w, https:\/\/www.digife.it\/wp-content\/uploads\/2024\/08\/company-profile-saldotecnica-1536x1152.jpg 1536w, https:\/\/www.digife.it\/wp-content\/uploads\/2024\/08\/company-profile-saldotecnica-16x12.jpg 16w, https:\/\/www.digife.it\/wp-content\/uploads\/2024\/08\/company-profile-saldotecnica.jpg 1920w\" \/><\/span><span class=\"meta-category\"><a class=\"grafica-progetti\" href=\"https:\/\/www.digife.it\/de\/kategorie\/web-projekte\/projektgrafiken\/\">Grafik<\/a><\/span>        \n        <div class=\"article-content-wrap\">\n          \n          <div class=\"post-header\">\n            <h3 class=\"title\"><a href=\"https:\/\/www.digife.it\/de\/grafische-gestaltung-des-firmenprofils\/\"> Grafische Erstellung des Firmenprofils<\/a><\/h3>\n          <\/div>\n          \n          <div class=\"excerpt\">In der Schwei\u00df- und Robotersystementwicklungsbranche ist es wichtig, sich mit einem professionellen Image zu pr\u00e4sentieren und \u2026<\/div><div class=\"grav-wrap\"><a href=\"https:\/\/www.digife.it\/de\/author\/giuliaremondini\/\"><img alt='DigiFe Websites Ferrara' src='https:\/\/secure.gravatar.com\/avatar\/265f55b2444febf7b9db4e0b9e791cc59fb6dc3ee3b83a3d4329221da22c0c91?s=70&#038;r=g' srcset='https:\/\/secure.gravatar.com\/avatar\/265f55b2444febf7b9db4e0b9e791cc59fb6dc3ee3b83a3d4329221da22c0c91?s=140&#038;r=g 2x' class='avatar avatar-70 photo' height='70' width='70' \/><\/a><div class=\"text\"><a href=\"https:\/\/www.digife.it\/de\/author\/giuliaremondini\/\" rel=\"author\">DigiFe Websites Ferrara<\/a><span>10. September 2024<\/span><\/div><\/div>\n        <\/div><!--article-content-wrap-->\n        \n      <\/div><!--\/content-inner-->\n        \n    <\/div><!--\/post-content-->\n      \n  <\/div><!--\/inner-wrap-->\n    \n<\/article>     \n     \n<article id=\"post-33738\" class=\"masonry-blog-item post-33738 post type-post status-publish format-standard has-post-thumbnail category-grafica-progetti\">  \n    \n  <div class=\"inner-wrap animated\">\n    \n    <div class=\"post-content\">\n\n      <div class=\"content-inner\">\n        \n        <a class=\"entire-meta-link\" href=\"https:\/\/www.digife.it\/de\/grafikdesign-des-firmenkatalogs\/\"><span class=\"screen-reader-text\">Grafische Erstellung des Firmenkatalogs<\/span><\/a>\n        \n        <span class=\"post-featured-img\"><img loading=\"lazy\" decoding=\"async\" width=\"1024\" height=\"683\" src=\"https:\/\/www.digife.it\/wp-content\/uploads\/2024\/08\/catalogo-imp-grafica-digife-1024x683.jpg\" class=\"attachment-large size-large skip-lazy wp-post-image\" alt=\"\" title=\"\" sizes=\"auto, (min-width: 1600px) 20vw, (min-width: 1300px) 25vw, (min-width: 1000px) 33.3vw, (min-width: 690px) 50vw, 100vw\" srcset=\"https:\/\/www.digife.it\/wp-content\/uploads\/2024\/08\/catalogo-imp-grafica-digife-1024x683.jpg 1024w, https:\/\/www.digife.it\/wp-content\/uploads\/2024\/08\/catalogo-imp-grafica-digife-300x200.jpg 300w, https:\/\/www.digife.it\/wp-content\/uploads\/2024\/08\/catalogo-imp-grafica-digife-768x512.jpg 768w, https:\/\/www.digife.it\/wp-content\/uploads\/2024\/08\/catalogo-imp-grafica-digife-1536x1024.jpg 1536w, https:\/\/www.digife.it\/wp-content\/uploads\/2024\/08\/catalogo-imp-grafica-digife-18x12.jpg 18w, https:\/\/www.digife.it\/wp-content\/uploads\/2024\/08\/catalogo-imp-grafica-digife-900x600.jpg 900w, https:\/\/www.digife.it\/wp-content\/uploads\/2024\/08\/catalogo-imp-grafica-digife.jpg 1920w\" \/><\/span><span class=\"meta-category\"><a class=\"grafica-progetti\" href=\"https:\/\/www.digife.it\/de\/kategorie\/web-projekte\/projektgrafiken\/\">Grafik<\/a><\/span>        \n        <div class=\"article-content-wrap\">\n          \n          <div class=\"post-header\">\n            <h3 class=\"title\"><a href=\"https:\/\/www.digife.it\/de\/grafikdesign-des-firmenkatalogs\/\"> Grafische Erstellung des Firmenkatalogs<\/a><\/h3>\n          <\/div>\n          \n          <div class=\"excerpt\">In der Welt der visuellen Kommunikation spielt die Pr\u00e4sentation eines Firmenkatalogs eine entscheidende Rolle\u2026<\/div><div class=\"grav-wrap\"><a href=\"https:\/\/www.digife.it\/de\/author\/giuliaremondini\/\"><img alt='DigiFe Websites Ferrara' src='https:\/\/secure.gravatar.com\/avatar\/265f55b2444febf7b9db4e0b9e791cc59fb6dc3ee3b83a3d4329221da22c0c91?s=70&#038;r=g' srcset='https:\/\/secure.gravatar.com\/avatar\/265f55b2444febf7b9db4e0b9e791cc59fb6dc3ee3b83a3d4329221da22c0c91?s=140&#038;r=g 2x' class='avatar avatar-70 photo' height='70' width='70' \/><\/a><div class=\"text\"><a href=\"https:\/\/www.digife.it\/de\/author\/giuliaremondini\/\" rel=\"author\">DigiFe Websites Ferrara<\/a><span>30. August 2024<\/span><\/div><\/div>\n        <\/div><!--article-content-wrap-->\n        \n      <\/div><!--\/content-inner-->\n        \n    <\/div><!--\/post-content-->\n      \n  <\/div><!--\/inner-wrap-->\n    \n<\/article>     \n     \n<article id=\"post-33641\" class=\"masonry-blog-item post-33641 post type-post status-publish format-standard has-post-thumbnail category-grafica-progetti\">  \n    \n  <div class=\"inner-wrap animated\">\n    \n    <div class=\"post-content\">\n\n      <div class=\"content-inner\">\n        \n        <a class=\"entire-meta-link\" href=\"https:\/\/www.digife.it\/de\/gezielte-postsendungen-mit-poste-italiane-einem-neuen-digife-service\/\"><span class=\"screen-reader-text\">Zielgerichtete Postsendungen mit Poste Italiane, einem neuen Digife-Dienst<\/span><\/a>\n        \n        <span class=\"post-featured-img\"><img loading=\"lazy\" decoding=\"async\" width=\"1024\" height=\"690\" src=\"https:\/\/www.digife.it\/wp-content\/uploads\/2024\/06\/posta-target-mission-refund-1024x690.jpg\" class=\"attachment-large size-large skip-lazy wp-post-image\" alt=\"\" title=\"\" sizes=\"auto, (min-width: 1600px) 20vw, (min-width: 1300px) 25vw, (min-width: 1000px) 33.3vw, (min-width: 690px) 50vw, 100vw\" srcset=\"https:\/\/www.digife.it\/wp-content\/uploads\/2024\/06\/posta-target-mission-refund-1024x690.jpg 1024w, https:\/\/www.digife.it\/wp-content\/uploads\/2024\/06\/posta-target-mission-refund-300x202.jpg 300w, https:\/\/www.digife.it\/wp-content\/uploads\/2024\/06\/posta-target-mission-refund-768x518.jpg 768w, https:\/\/www.digife.it\/wp-content\/uploads\/2024\/06\/posta-target-mission-refund-1536x1035.jpg 1536w, https:\/\/www.digife.it\/wp-content\/uploads\/2024\/06\/posta-target-mission-refund-18x12.jpg 18w, https:\/\/www.digife.it\/wp-content\/uploads\/2024\/06\/posta-target-mission-refund-600x403.jpg 600w, https:\/\/www.digife.it\/wp-content\/uploads\/2024\/06\/posta-target-mission-refund-400x269.jpg 400w, https:\/\/www.digife.it\/wp-content\/uploads\/2024\/06\/posta-target-mission-refund.jpg 1920w\" \/><\/span><span class=\"meta-category\"><a class=\"grafica-progetti\" href=\"https:\/\/www.digife.it\/de\/kategorie\/web-projekte\/projektgrafiken\/\">Grafik<\/a><\/span>        \n        <div class=\"article-content-wrap\">\n          \n          <div class=\"post-header\">\n            <h3 class=\"title\"><a href=\"https:\/\/www.digife.it\/de\/gezielte-postsendungen-mit-poste-italiane-einem-neuen-digife-service\/\"> Zielgerichtete Postsendungen mit Poste Italiane, einem neuen Digife-Dienst<\/a><\/h3>\n          <\/div>\n          \n          <div class=\"excerpt\">Zielgerichtete Postsendungen mit Poste Italiane sind der effektivste Postdienst f\u00fcr den Versand von\u2026<\/div><div class=\"grav-wrap\"><a href=\"https:\/\/www.digife.it\/de\/author\/giuliaremondini\/\"><img alt='DigiFe Websites Ferrara' src='https:\/\/secure.gravatar.com\/avatar\/265f55b2444febf7b9db4e0b9e791cc59fb6dc3ee3b83a3d4329221da22c0c91?s=70&#038;r=g' srcset='https:\/\/secure.gravatar.com\/avatar\/265f55b2444febf7b9db4e0b9e791cc59fb6dc3ee3b83a3d4329221da22c0c91?s=140&#038;r=g 2x' class='avatar avatar-70 photo' height='70' width='70' \/><\/a><div class=\"text\"><a href=\"https:\/\/www.digife.it\/de\/author\/giuliaremondini\/\" rel=\"author\">DigiFe Websites Ferrara<\/a><span>18. Juli 2024<\/span><\/div><\/div>\n        <\/div><!--article-content-wrap-->\n        \n      <\/div><!--\/content-inner-->\n        \n    <\/div><!--\/post-content-->\n      \n  <\/div><!--\/inner-wrap-->\n    \n<\/article>     \n     \n<article id=\"post-33500\" class=\"masonry-blog-item post-33500 post type-post status-publish format-standard has-post-thumbnail category-grafica-progetti category-progetti-web\">  \n    \n  <div class=\"inner-wrap animated\">\n    \n    <div class=\"post-content\">\n\n      <div class=\"content-inner\">\n        \n        <a class=\"entire-meta-link\" href=\"https:\/\/www.digife.it\/de\/aufeinander-abgestimmte-broschuren-und-faltblatter\/\"><span class=\"screen-reader-text\">Passende Brosch\u00fcren und Faltbl\u00e4tter<\/span><\/a>\n        \n        <span class=\"post-featured-img\"><img loading=\"lazy\" decoding=\"async\" width=\"1024\" height=\"669\" src=\"https:\/\/www.digife.it\/wp-content\/uploads\/2024\/03\/grafica-coordinata-Cavalleretti-1024x669.jpg\" class=\"attachment-large size-large skip-lazy wp-post-image\" alt=\"\" title=\"\" sizes=\"auto, (min-width: 1600px) 20vw, (min-width: 1300px) 25vw, (min-width: 1000px) 33.3vw, (min-width: 690px) 50vw, 100vw\" srcset=\"https:\/\/www.digife.it\/wp-content\/uploads\/2024\/03\/grafica-coordinata-Cavalleretti-1024x669.jpg 1024w, https:\/\/www.digife.it\/wp-content\/uploads\/2024\/03\/grafica-coordinata-Cavalleretti-300x196.jpg 300w, https:\/\/www.digife.it\/wp-content\/uploads\/2024\/03\/grafica-coordinata-Cavalleretti-768x502.jpg 768w, https:\/\/www.digife.it\/wp-content\/uploads\/2024\/03\/grafica-coordinata-Cavalleretti-1536x1004.jpg 1536w, https:\/\/www.digife.it\/wp-content\/uploads\/2024\/03\/grafica-coordinata-Cavalleretti-18x12.jpg 18w, https:\/\/www.digife.it\/wp-content\/uploads\/2024\/03\/grafica-coordinata-Cavalleretti.jpg 1919w\" \/><\/span><span class=\"meta-category\"><a class=\"grafica-progetti\" href=\"https:\/\/www.digife.it\/de\/kategorie\/web-projekte\/projektgrafiken\/\">Grafik<\/a><a class=\"progetti-web\" href=\"https:\/\/www.digife.it\/de\/kategorie\/web-projekte\/\">Webprojekte<\/a><\/span>        \n        <div class=\"article-content-wrap\">\n          \n          <div class=\"post-header\">\n            <h3 class=\"title\"><a href=\"https:\/\/www.digife.it\/de\/aufeinander-abgestimmte-broschuren-und-faltblatter\/\"> Passende Brosch\u00fcren und Faltbl\u00e4tter<\/a><\/h3>\n          <\/div>\n          \n          <div class=\"excerpt\">Aufeinander abgestimmte Brosch\u00fcren und Faltbl\u00e4tter f\u00fcr die Unternehmenskommunikation. Das Erstellen von Brosch\u00fcren und Faltbl\u00e4ttern ist eine der\u2026<\/div><div class=\"grav-wrap\"><a href=\"https:\/\/www.digife.it\/de\/author\/giuliaremondini\/\"><img alt='DigiFe Websites Ferrara' src='https:\/\/secure.gravatar.com\/avatar\/265f55b2444febf7b9db4e0b9e791cc59fb6dc3ee3b83a3d4329221da22c0c91?s=70&#038;r=g' srcset='https:\/\/secure.gravatar.com\/avatar\/265f55b2444febf7b9db4e0b9e791cc59fb6dc3ee3b83a3d4329221da22c0c91?s=140&#038;r=g 2x' class='avatar avatar-70 photo' height='70' width='70' \/><\/a><div class=\"text\"><a href=\"https:\/\/www.digife.it\/de\/author\/giuliaremondini\/\" rel=\"author\">DigiFe Websites Ferrara<\/a><span>2. April 2024<\/span><\/div><\/div>\n        <\/div><!--article-content-wrap-->\n        \n      <\/div><!--\/content-inner-->\n        \n    <\/div><!--\/post-content-->\n      \n  <\/div><!--\/inner-wrap-->\n    \n<\/article>    \n    <\/div><!--\/posts container-->\n    \n    <nav id=\"pagination\" role=\"navigation\" aria-label=\"Paginierungsnavigation\" data-is-text=\"All items loaded\"><ul class='page-numbers'>\n\t<li><span aria-current=\"page\" class=\"page-numbers current\">1<\/span><\/li>\n\t<li><a class=\"page-numbers\" href=\"https:\/\/www.digife.it\/wp-json\/wp\/v2\/pages\/25517\/page\/2\/\">2<\/a><\/li>\n\t<li><a class=\"page-numbers\" href=\"https:\/\/www.digife.it\/wp-json\/wp\/v2\/pages\/25517\/page\/3\/\">3<\/a><\/li>\n\t<li><span class=\"page-numbers dots\">...<\/span><\/li>\n\t<li><a class=\"page-numbers\" href=\"https:\/\/www.digife.it\/wp-json\/wp\/v2\/pages\/25517\/page\/7\/\">7<\/a><\/li>\n\t<li><a class=\"next page-numbers\" href=\"https:\/\/www.digife.it\/wp-json\/wp\/v2\/pages\/25517\/page\/2\/\">Weiter &quot;<\/a><\/li>\n<\/ul>\n<\/nav>  \n<\/div><!--\/post area-->\n\n  \n\n<\/div>\n\n\n\t\t\t<\/div> \n\t\t<\/div>\n\t<\/div> \n<\/div><\/div>","protected":false},"excerpt":{"rendered":"Aufeinander abgestimmte Brosch\u00fcren und Faltbl\u00e4tter f\u00fcr die Unternehmenskommunikation. Die Erstellung von Brosch\u00fcren und Faltbl\u00e4ttern ist eine der in die Praxis umzusetzenden Strategien zur Umsetzung einer effektiven Unternehmenskommunikation, um den Benutzer \u00fcber ... zu informieren.","protected":false},"author":17,"featured_media":0,"parent":0,"menu_order":39,"comment_status":"closed","ping_status":"closed","template":"","meta":{"footnotes":""},"class_list":["post-25517","page","type-page","status-publish"],"_links":{"self":[{"href":"https:\/\/www.digife.it\/de\/wp-json\/wp\/v2\/pages\/25517","targetHints":{"allow":["GET"]}}],"collection":[{"href":"https:\/\/www.digife.it\/de\/wp-json\/wp\/v2\/pages"}],"about":[{"href":"https:\/\/www.digife.it\/de\/wp-json\/wp\/v2\/types\/page"}],"author":[{"embeddable":true,"href":"https:\/\/www.digife.it\/de\/wp-json\/wp\/v2\/users\/17"}],"replies":[{"embeddable":true,"href":"https:\/\/www.digife.it\/de\/wp-json\/wp\/v2\/comments?post=25517"}],"version-history":[{"count":0,"href":"https:\/\/www.digife.it\/de\/wp-json\/wp\/v2\/pages\/25517\/revisions"}],"wp:attachment":[{"href":"https:\/\/www.digife.it\/de\/wp-json\/wp\/v2\/media?parent=25517"}],"curies":[{"name":"wp","href":"https:\/\/api.w.org\/{rel}","templated":true}]}}